
{"id":36497,"date":"2023-12-12T15:05:20","date_gmt":"2023-12-12T14:05:20","guid":{"rendered":"https:\/\/www.calmedica.com\/?page_id=36497"},"modified":"2025-04-15T17:25:13","modified_gmt":"2025-04-15T15:25:13","slug":"ameliorer-la-prevention","status":"publish","type":"page","link":"https:\/\/www.calmedica.com\/?page_id=36497","title":{"rendered":"Am\u00e9liorer la pr\u00e9vention"},"content":{"rendered":"<p>[et_pb_section fb_built=&#8221;1&#8243; custom_padding_last_edited=&#8221;on|phone&#8221; disabled_on=&#8221;off|off|off&#8221; admin_label=&#8221;Services&#8221; _builder_version=&#8221;4.16&#8243; custom_padding=&#8221;41px|0px|0px|0px|false|false&#8221; custom_padding_tablet=&#8221;10px||0px||false|false&#8221; custom_padding_phone=&#8221;&#8221; global_colors_info=&#8221;{}&#8221;][et_pb_row _builder_version=&#8221;4.17.4&#8243; custom_margin=&#8221;||100px||false|false&#8221; custom_margin_tablet=&#8221;15px||50px||false|false&#8221; custom_margin_phone=&#8221;&#8221; custom_margin_last_edited=&#8221;on|phone&#8221; custom_padding=&#8221;|||&#8221; global_colors_info=&#8221;{}&#8221;][et_pb_column type=&#8221;4_4&#8243; _builder_version=&#8221;4.16&#8243; custom_padding=&#8221;|||&#8221; global_colors_info=&#8221;{}&#8221; custom_padding__hover=&#8221;|||&#8221;][et_pb_divider divider_position=&#8221;center&#8221; divider_weight=&#8221;0px&#8221; admin_label=&#8221;S\u00e9parateur rond&#8221; module_class=&#8221;anim&#8221; _builder_version=&#8221;4.16&#8243; background_color=&#8221;#f65200&#8243; width=&#8221;30px&#8221; max_width=&#8221;30px&#8221; module_alignment=&#8221;center&#8221; height=&#8221;30px&#8221; max_height=&#8221;30px&#8221; scroll_horizontal_motion_enable=&#8221;on&#8221; scroll_horizontal_motion=&#8221;0|50|50|100|0.1|0|-0.1&#8243; border_radii=&#8221;on|56px|56px|56px|56px&#8221; global_colors_info=&#8221;{}&#8221;][\/et_pb_divider][et_pb_text _builder_version=&#8221;4.17.4&#8243; header_font=&#8221;|800|||||||&#8221; header_text_color=&#8221;#4c4c4c&#8221; header_font_size=&#8221;60px&#8221; header_letter_spacing=&#8221;2px&#8221; text_orientation=&#8221;center&#8221; custom_margin_tablet=&#8221;||||false|false&#8221; custom_margin_phone=&#8221;&#8221; custom_margin_last_edited=&#8221;on|tablet&#8221; header_font_size_tablet=&#8221;&#8221; header_font_size_phone=&#8221;35px&#8221; header_font_size_last_edited=&#8221;on|phone&#8221; global_colors_info=&#8221;{}&#8221;]<\/p>\n<h1><span style=\"color: #fb4f14;\">Am\u00e9liorer la pr\u00e9vention<\/span><\/h1>\n<p>[\/et_pb_text][et_pb_divider divider_position=&#8221;center&#8221; divider_weight=&#8221;0px&#8221; admin_label=&#8221;S\u00e9parateur rond&#8221; module_class=&#8221;anim&#8221; _builder_version=&#8221;4.16&#8243; background_color=&#8221;#f65200&#8243; width=&#8221;30px&#8221; max_width=&#8221;30px&#8221; module_alignment=&#8221;center&#8221; height=&#8221;30px&#8221; max_height=&#8221;30px&#8221; scroll_horizontal_motion_enable=&#8221;on&#8221; scroll_horizontal_motion=&#8221;0|50|50|100|-0.1|0|0.1&#8243; border_radii=&#8221;on|56px|56px|56px|56px&#8221; global_colors_info=&#8221;{}&#8221;][\/et_pb_divider][\/et_pb_column][\/et_pb_row][\/et_pb_section][et_pb_section fb_built=&#8221;1&#8243; custom_padding_last_edited=&#8221;on|phone&#8221; _builder_version=&#8221;4.17.4&#8243; custom_padding=&#8221;||||false|false&#8221; custom_padding_tablet=&#8221;60px||60px||false|false&#8221; custom_padding_phone=&#8221;51px||25px||false|false&#8221; global_colors_info=&#8221;{}&#8221;][et_pb_row column_structure=&#8221;1_2,1_2&#8243; custom_padding_last_edited=&#8221;on|tablet&#8221; _builder_version=&#8221;4.17.4&#8243; background_color=&#8221;#2a2834&#8243; width_tablet=&#8221;&#8221; width_phone=&#8221;100%&#8221; width_last_edited=&#8221;on|phone&#8221; custom_margin=&#8221;||||false|false&#8221; custom_padding=&#8221;||||false|false&#8221; custom_padding_tablet=&#8221;||19px||false|false&#8221; custom_padding_phone=&#8221;&#8221; border_radii=&#8221;on|5px|5px|5px|5px&#8221; global_colors_info=&#8221;{}&#8221;][et_pb_column type=&#8221;1_2&#8243; _builder_version=&#8221;4.17.4&#8243; background_color=&#8221;#f4f4f4&#8243; global_colors_info=&#8221;{}&#8221;][et_pb_text admin_label=&#8221;Sous titre&#8221; _builder_version=&#8221;4.17.4&#8243; text_font=&#8221;||||||||&#8221; text_text_color=&#8221;#7f7f7f&#8221; text_font_size=&#8221;16px&#8221; background_color=&#8221;#ffffff&#8221; max_width=&#8221;77%&#8221; max_width_tablet=&#8221;90%&#8221; max_width_phone=&#8221;&#8221; max_width_last_edited=&#8221;on|tablet&#8221; module_alignment=&#8221;center&#8221; min_height=&#8221;404.2px&#8221; custom_margin=&#8221;70px||70px||false|false&#8221; custom_margin_tablet=&#8221;30px|||0%|false|false&#8221; custom_margin_phone=&#8221;&#8221; custom_margin_last_edited=&#8221;on|tablet&#8221; custom_padding=&#8221;30px|30px|80px|30px|false|true&#8221; custom_padding_tablet=&#8221;40px|12%|84px|12%|false|true&#8221; custom_padding_phone=&#8221;&#8221; custom_padding_last_edited=&#8221;on|tablet&#8221; animation_style=&#8221;slide&#8221; animation_direction=&#8221;left&#8221; animation_duration=&#8221;1500ms&#8221; animation_delay=&#8221;400ms&#8221; animation_duration_tablet=&#8221;&#8221; animation_duration_phone=&#8221;0ms&#8221; animation_duration_last_edited=&#8221;on|phone&#8221; border_radii=&#8221;on|5px|5px|5px|5px&#8221; inline_fonts=&#8221;Caladea&#8221; global_colors_info=&#8221;{}&#8221;]<\/p>\n<h2><strong>Pr\u00e9venir, d\u00e9tecter, accompagner : les piliers de la pr\u00e9vention<\/strong><\/h2>\n<p>&nbsp;<\/p>\n<p>La pr\u00e9vention s\u2019articule aujourd\u2019hui autour de trois axes :<\/p>\n<ul>\n<li><strong>Primaire <\/strong>: emp\u00eacher l&#8217;apparition de la maladie (par exemple, par la vaccination ou l&#8217;adoption d&#8217;un mode de vie sain).<\/li>\n<li><strong>Secondaire <\/strong>: d\u00e9tecter de mani\u00e8re pr\u00e9coce et traiter rapidement les maladies pour en minimiser les effets, ce qui inclut le d\u00e9pistage des cancers.<\/li>\n<li><strong>Tertiaire<\/strong> : aider les personnes atteintes de maladies chroniques \u00e0 g\u00e9rer leur \u00e9tat, r\u00e9duire les complications et am\u00e9liorer leur qualit\u00e9 de vie.<\/li>\n<\/ul>\n<p>[\/et_pb_text][\/et_pb_column][et_pb_column type=&#8221;1_2&#8243; _builder_version=&#8221;4.17.4&#8243; _module_preset=&#8221;default&#8221; background_color=&#8221;#f4f4f4&#8243; background_enable_image=&#8221;off&#8221; global_colors_info=&#8221;{}&#8221;][et_pb_image src=&#8221;https:\/\/www.calmedica.com\/wp-content\/uploads\/2025\/04\/ChatGPT-Image-15-avr.-2025-17_24_01.png&#8221; alt=&#8221;infirmiere&#8221; title_text=&#8221;ChatGPT Image 15 avr. 2025, 17_24_01&#8243; _builder_version=&#8221;4.17.4&#8243; _module_preset=&#8221;default&#8221; custom_padding=&#8221;200px||||false|false&#8221; hover_enabled=&#8221;0&#8243; global_colors_info=&#8221;{}&#8221; sticky_enabled=&#8221;0&#8243;][\/et_pb_image][\/et_pb_column][\/et_pb_row][et_pb_row _builder_version=&#8221;4.17.4&#8243; _module_preset=&#8221;default&#8221; global_colors_info=&#8221;{}&#8221;][et_pb_column type=&#8221;4_4&#8243; _builder_version=&#8221;4.17.4&#8243; _module_preset=&#8221;default&#8221; global_colors_info=&#8221;{}&#8221;][et_pb_divider show_divider=&#8221;off&#8221; _builder_version=&#8221;4.17.4&#8243; _module_preset=&#8221;default&#8221; global_colors_info=&#8221;{}&#8221;][\/et_pb_divider][et_pb_divider show_divider=&#8221;off&#8221; _builder_version=&#8221;4.17.4&#8243; _module_preset=&#8221;default&#8221; global_colors_info=&#8221;{}&#8221;][\/et_pb_divider][\/et_pb_column][\/et_pb_row][et_pb_row _builder_version=&#8221;4.17.4&#8243; _module_preset=&#8221;default&#8221; global_colors_info=&#8221;{}&#8221;][et_pb_column type=&#8221;4_4&#8243; _builder_version=&#8221;4.17.4&#8243; _module_preset=&#8221;default&#8221; global_colors_info=&#8221;{}&#8221;][et_pb_text _builder_version=&#8221;4.17.4&#8243; _module_preset=&#8221;default&#8221; width=&#8221;99.9%&#8221; global_colors_info=&#8221;{}&#8221;]<\/p>\n<h2><strong>En d\u00e9pit d\u2019une efficacit\u00e9 reconnue, une faible adh\u00e9sion aux programmes de d\u00e9pistage syst\u00e9matique<\/strong><\/h2>\n<p>[\/et_pb_text][\/et_pb_column][\/et_pb_row][et_pb_row _builder_version=&#8221;4.17.4&#8243; _module_preset=&#8221;default&#8221; global_colors_info=&#8221;{}&#8221;][et_pb_column type=&#8221;4_4&#8243; _builder_version=&#8221;4.17.4&#8243; _module_preset=&#8221;default&#8221; global_colors_info=&#8221;{}&#8221;][et_pb_text _builder_version=&#8221;4.17.4&#8243; _module_preset=&#8221;default&#8221; global_colors_info=&#8221;{}&#8221;][\/et_pb_text][et_pb_text _builder_version=&#8221;4.17.4&#8243; _module_preset=&#8221;default&#8221; global_colors_info=&#8221;{}&#8221;][\/et_pb_text][\/et_pb_column][\/et_pb_row][et_pb_row column_structure=&#8221;1_3,1_3,1_3&#8243; _builder_version=&#8221;4.17.4&#8243; _module_preset=&#8221;default&#8221; global_colors_info=&#8221;{}&#8221;][et_pb_column type=&#8221;1_3&#8243; _builder_version=&#8221;4.17.4&#8243; _module_preset=&#8221;default&#8221; global_colors_info=&#8221;{}&#8221;][et_pb_image src=&#8221;https:\/\/www.calmedica.com\/wp-content\/uploads\/2023\/12\/cancer-colorectal.png&#8221; alt=&#8221;colorectal&#8221; title_text=&#8221;colorectal&#8221; url=&#8221;https:\/\/www.santepubliquefrance.fr\/les-actualites\/2022\/cancer-colorectal-donnees-de-depistage-2020-2021#:~:text=6%2C1%20millions%20de%20personnes,la%20plus%20%C3%A9lev%C3%A9e%20depuis%202010.&#8221; url_new_window=&#8221;on&#8221; align=&#8221;center&#8221; _builder_version=&#8221;4.17.4&#8243; _module_preset=&#8221;default&#8221; custom_padding=&#8221;|||46px||&#8221; global_colors_info=&#8221;{}&#8221;][\/et_pb_image][\/et_pb_column][et_pb_column type=&#8221;1_3&#8243; _builder_version=&#8221;4.17.4&#8243; _module_preset=&#8221;default&#8221; global_colors_info=&#8221;{}&#8221;][et_pb_image src=&#8221;https:\/\/www.calmedica.com\/wp-content\/uploads\/2023\/12\/cancer-du-sein.png&#8221; alt=&#8221;cancer du sein&#8221; title_text=&#8221;cancer-du-sein&#8221; url=&#8221;https:\/\/www.santepubliquefrance.fr\/maladies-et-traumatismes\/cancers\/cancer-du-sein\/articles\/taux-de-participation-au-programme-de-depistage-organise-du-cancer-du-sein-2021-2022-et-evolution-depuis-2005&#8243; url_new_window=&#8221;on&#8221; align=&#8221;center&#8221; _builder_version=&#8221;4.17.4&#8243; _module_preset=&#8221;default&#8221; custom_padding=&#8221;|||59px||&#8221; global_colors_info=&#8221;{}&#8221;][\/et_pb_image][\/et_pb_column][et_pb_column type=&#8221;1_3&#8243; _builder_version=&#8221;4.17.4&#8243; _module_preset=&#8221;default&#8221; global_colors_info=&#8221;{}&#8221;][et_pb_image src=&#8221;https:\/\/www.calmedica.com\/wp-content\/uploads\/2023\/12\/cancer-du-col-de-luterus-1.png&#8221; alt=&#8221;Am\u00e9liorer la pr\u00e9vention &#8211; col de l&#8217;ut\u00e9rus&#8221; title_text=&#8221;cancer-du-col-de-luterus (1)&#8221; url=&#8221;https:\/\/www.santepubliquefrance.fr\/les-actualites\/2021\/depistage-du-cancer-du-col-de-l-uterus-donnees-2017-2019&#8243; url_new_window=&#8221;on&#8221; align=&#8221;center&#8221; _builder_version=&#8221;4.17.4&#8243; _module_preset=&#8221;default&#8221; custom_padding=&#8221;|||1px||&#8221; global_colors_info=&#8221;{}&#8221;][\/et_pb_image][\/et_pb_column][\/et_pb_row][et_pb_row column_structure=&#8221;1_3,1_3,1_3&#8243; _builder_version=&#8221;4.17.4&#8243; _module_preset=&#8221;default&#8221; global_colors_info=&#8221;{}&#8221;][et_pb_column type=&#8221;1_3&#8243; _builder_version=&#8221;4.17.4&#8243; _module_preset=&#8221;default&#8221; global_colors_info=&#8221;{}&#8221;][et_pb_text _builder_version=&#8221;4.17.4&#8243; _module_preset=&#8221;default&#8221; global_colors_info=&#8221;{}&#8221;][\/et_pb_text][et_pb_text _builder_version=&#8221;4.17.4&#8243; _module_preset=&#8221;default&#8221; global_colors_info=&#8221;{}&#8221;]<\/p>\n<p style=\"text-align: center;\"><span style=\"color: #35b3b7;\"><a style=\"color: #35b3b7;\" href=\"https:\/\/www.santepubliquefrance.fr\/les-actualites\/2022\/cancer-colorectal-donnees-de-depistage-2020-2021#:~:text=6%2C1%20millions%20de%20personnes,la%20plus%20%C3%A9lev%C3%A9e%20depuis%202010.\" target=\"_blank\" rel=\"noopener\"><strong>Cancer colorectal<\/strong><\/a><\/span><\/p>\n<p style=\"text-align: center;\">35 % de participation au test de d\u00e9pistage du cancer colorectal en 2020-2021, un chiffre en-de\u00e7\u00e0 du standard europ\u00e9en (45 %).<\/p>\n<p>[\/et_pb_text][\/et_pb_column][et_pb_column type=&#8221;1_3&#8243; _builder_version=&#8221;4.17.4&#8243; _module_preset=&#8221;default&#8221; global_colors_info=&#8221;{}&#8221;][et_pb_text _builder_version=&#8221;4.17.4&#8243; _module_preset=&#8221;default&#8221; global_colors_info=&#8221;{}&#8221;][\/et_pb_text][et_pb_text _builder_version=&#8221;4.17.4&#8243; _module_preset=&#8221;default&#8221; global_colors_info=&#8221;{}&#8221;]<\/p>\n<p style=\"text-align: center;\"><span style=\"color: #35b3b7;\"><a style=\"color: #35b3b7;\" href=\"https:\/\/www.santepubliquefrance.fr\/maladies-et-traumatismes\/cancers\/cancer-du-sein\/articles\/taux-de-participation-au-programme-de-depistage-organise-du-cancer-du-sein-2021-2022-et-evolution-depuis-2005\" target=\"_blank\" rel=\"noopener\"><strong>Cancer du sein<\/strong><\/a><\/span><\/p>\n<p style=\"text-align: center;\">47,7 % de participation pour la p\u00e9riode 2021-2022<\/p>\n<p>[\/et_pb_text][\/et_pb_column][et_pb_column type=&#8221;1_3&#8243; _builder_version=&#8221;4.17.4&#8243; _module_preset=&#8221;default&#8221; global_colors_info=&#8221;{}&#8221;][et_pb_text _builder_version=&#8221;4.17.4&#8243; _module_preset=&#8221;default&#8221; global_colors_info=&#8221;{}&#8221;][\/et_pb_text][et_pb_text _builder_version=&#8221;4.17.4&#8243; _module_preset=&#8221;default&#8221; global_colors_info=&#8221;{}&#8221;]<\/p>\n<p style=\"text-align: center;\"><span style=\"color: #35b3b7;\"><strong><a style=\"color: #35b3b7;\" href=\"https:\/\/www.santepubliquefrance.fr\/les-actualites\/2021\/depistage-du-cancer-du-col-de-l-uterus-donnees-2017-2019\" target=\"_blank\" rel=\"noopener\">Cancer du col de l&#8217;ut\u00e9rus<\/a><\/strong><\/span><\/p>\n<p style=\"text-align: center;\">58,2% de participation des femmes de 25-65 ans<\/p>\n<p>[\/et_pb_text][\/et_pb_column][\/et_pb_row][et_pb_row _builder_version=&#8221;4.17.4&#8243; _module_preset=&#8221;default&#8221; custom_padding=&#8221;|||0px||&#8221; global_colors_info=&#8221;{}&#8221;][et_pb_column type=&#8221;4_4&#8243; _builder_version=&#8221;4.17.4&#8243; _module_preset=&#8221;default&#8221; global_colors_info=&#8221;{}&#8221;][\/et_pb_column][\/et_pb_row][et_pb_row _builder_version=&#8221;4.17.4&#8243; _module_preset=&#8221;default&#8221; custom_margin=&#8221;||0px||false|false&#8221; global_colors_info=&#8221;{}&#8221;][et_pb_column type=&#8221;4_4&#8243; _builder_version=&#8221;4.17.4&#8243; _module_preset=&#8221;default&#8221; global_colors_info=&#8221;{}&#8221;][et_pb_divider show_divider=&#8221;off&#8221; _builder_version=&#8221;4.17.4&#8243; _module_preset=&#8221;default&#8221; height=&#8221;50px&#8221; global_colors_info=&#8221;{}&#8221;][\/et_pb_divider][et_pb_text _builder_version=&#8221;4.17.4&#8243; _module_preset=&#8221;default&#8221; text_font_size=&#8221;16px&#8221; width=&#8221;100%&#8221; custom_margin=&#8221;|||2px||&#8221; global_colors_info=&#8221;{}&#8221;]<\/p>\n<p>Pourtant, la<span style=\"color: #2a2834;\"><strong><a style=\"color: #2a2834;\" href=\"https:\/\/www.oecd-ilibrary.org\/social-issues-migration-health\/panorama-de-la-sante-2015_health_glance-2015-fr;jsessionid=_nDY_NBtTFIgTZQS6ncmO4QPi80iHTJJGo5bcyY6.ip-10-240-5-39\"> lecture des taux d\u2019adh\u00e9sion<\/a><\/strong><\/span> dans le monde aux programmes de d\u00e9pistage organis\u00e9s montre qu\u2019il est possible d\u2019obtenir une participation sensiblement plus \u00e9lev\u00e9e (de moins de 20 % au Mexique contre plus de 80 % en Finlande, en Slov\u00e9nie, au Danemark et aux \u00c9tats-Unis).<\/p>\n<p>[\/et_pb_text][et_pb_text _builder_version=&#8221;4.17.4&#8243; _module_preset=&#8221;default&#8221; global_colors_info=&#8221;{}&#8221;][\/et_pb_text][et_pb_divider show_divider=&#8221;off&#8221; _builder_version=&#8221;4.17.4&#8243; _module_preset=&#8221;default&#8221; global_colors_info=&#8221;{}&#8221;][\/et_pb_divider][et_pb_divider show_divider=&#8221;off&#8221; _builder_version=&#8221;4.17.4&#8243; _module_preset=&#8221;default&#8221; global_colors_info=&#8221;{}&#8221;][\/et_pb_divider][et_pb_divider show_divider=&#8221;off&#8221; _builder_version=&#8221;4.17.4&#8243; _module_preset=&#8221;default&#8221; global_colors_info=&#8221;{}&#8221;][\/et_pb_divider][et_pb_text _builder_version=&#8221;4.17.4&#8243; _module_preset=&#8221;default&#8221; width=&#8221;100%&#8221; custom_margin=&#8221;|||1px||&#8221; global_colors_info=&#8221;{}&#8221;]<\/p>\n<h2><strong>Renforcer la participation au d\u00e9pistage\u00a0\u00a0<\/strong><\/h2>\n<p>[\/et_pb_text][\/et_pb_column][\/et_pb_row][et_pb_row _builder_version=&#8221;4.17.4&#8243; _module_preset=&#8221;default&#8221; global_colors_info=&#8221;{}&#8221;][et_pb_column type=&#8221;4_4&#8243; _builder_version=&#8221;4.17.4&#8243; _module_preset=&#8221;default&#8221; global_colors_info=&#8221;{}&#8221;][et_pb_divider show_divider=&#8221;off&#8221; _builder_version=&#8221;4.17.4&#8243; _module_preset=&#8221;default&#8221; global_colors_info=&#8221;{}&#8221;][\/et_pb_divider][et_pb_divider show_divider=&#8221;off&#8221; _builder_version=&#8221;4.17.4&#8243; _module_preset=&#8221;default&#8221; global_colors_info=&#8221;{}&#8221;][\/et_pb_divider][\/et_pb_column][\/et_pb_row][et_pb_row _builder_version=&#8221;4.17.4&#8243; _module_preset=&#8221;default&#8221; global_colors_info=&#8221;{}&#8221;][et_pb_column type=&#8221;4_4&#8243; _builder_version=&#8221;4.17.4&#8243; _module_preset=&#8221;default&#8221; global_colors_info=&#8221;{}&#8221;][et_pb_text _builder_version=&#8221;4.17.4&#8243; _module_preset=&#8221;default&#8221; text_font_size=&#8221;16px&#8221; width=&#8221;100%&#8221; custom_margin=&#8221;|||0px|false|false&#8221; custom_padding=&#8221;||0px|0px||&#8221; global_colors_info=&#8221;{}&#8221;]<\/p>\n<p><strong><a href=\"https:\/\/www.france-assos-sante.org\/2022\/10\/06\/depistage-organise-des-cancers-doit-mieux-faire\/\"><span style=\"color: #2a2834;\">Parmi les populations cibles qui \u00e9chappent aux programmes nationaux de d\u00e9pistage organis\u00e9<\/span><\/a><\/strong>, figurent les personnes les moins observantes aux traitements th\u00e9rapeutiques, les personnes pr\u00e9caires, les m\u00e8res seules et isol\u00e9es, les personnes pour lesquelles l\u2019acc\u00e8s aux soins est difficile, parce qu\u2019elles habitent dans des zones de d\u00e9sertification m\u00e9dicale, qu\u2019elles sont en situation de handicap ou encore en raison de la barri\u00e8re de la langue, etc.<\/p>\n<p>En raison de leur contexte sp\u00e9cifique, ces individus n\u00e9cessitent une surveillance plus soutenue, notamment par le biais des campagnes de pr\u00e9vention.<\/p>\n<p>[\/et_pb_text][\/et_pb_column][\/et_pb_row][et_pb_row _builder_version=&#8221;4.17.4&#8243; _module_preset=&#8221;default&#8221; global_colors_info=&#8221;{}&#8221;][et_pb_column type=&#8221;4_4&#8243; _builder_version=&#8221;4.17.4&#8243; _module_preset=&#8221;default&#8221; global_colors_info=&#8221;{}&#8221;][et_pb_divider show_divider=&#8221;off&#8221; _builder_version=&#8221;4.17.4&#8243; _module_preset=&#8221;default&#8221; global_colors_info=&#8221;{}&#8221;][\/et_pb_divider][\/et_pb_column][\/et_pb_row][et_pb_row _builder_version=&#8221;4.17.4&#8243; _module_preset=&#8221;default&#8221; global_colors_info=&#8221;{}&#8221;][et_pb_column type=&#8221;4_4&#8243; _builder_version=&#8221;4.17.4&#8243; _module_preset=&#8221;default&#8221; global_colors_info=&#8221;{}&#8221;][et_pb_divider show_divider=&#8221;off&#8221; _builder_version=&#8221;4.17.4&#8243; _module_preset=&#8221;default&#8221; global_colors_info=&#8221;{}&#8221;][\/et_pb_divider][et_pb_divider show_divider=&#8221;off&#8221; _builder_version=&#8221;4.17.4&#8243; _module_preset=&#8221;default&#8221; global_colors_info=&#8221;{}&#8221;][\/et_pb_divider][et_pb_text _builder_version=&#8221;4.17.4&#8243; _module_preset=&#8221;default&#8221; width=&#8221;100%&#8221; custom_margin=&#8221;|||1px||&#8221; global_colors_info=&#8221;{}&#8221;]<\/p>\n<h2><strong>Comprendre les profils psychologiques pour augmenter l\u2019adh\u00e9sion\u00a0\u00a0<\/strong><\/h2>\n<p>[\/et_pb_text][et_pb_divider show_divider=&#8221;off&#8221; _builder_version=&#8221;4.17.4&#8243; _module_preset=&#8221;default&#8221; global_colors_info=&#8221;{}&#8221;][\/et_pb_divider][\/et_pb_column][\/et_pb_row][et_pb_row _builder_version=&#8221;4.17.4&#8243; _module_preset=&#8221;default&#8221; global_colors_info=&#8221;{}&#8221;][et_pb_column type=&#8221;4_4&#8243; _builder_version=&#8221;4.17.4&#8243; _module_preset=&#8221;default&#8221; global_colors_info=&#8221;{}&#8221;][et_pb_text _builder_version=&#8221;4.17.4&#8243; _module_preset=&#8221;default&#8221; text_font_size=&#8221;16px&#8221; custom_margin=&#8221;|||-3px||&#8221; custom_padding=&#8221;||0px|0px||&#8221; global_colors_info=&#8221;{}&#8221;]<\/p>\n<p>Pour sensibiliser ces groupes, il faut consid\u00e9rer la situation r\u00e9elle des patients et leur profil psychologique. Une <span style=\"color: #2a2834;\"><strong><a style=\"color: #2a2834;\" href=\"https:\/\/francepsoriasis.org\/actualites\/resultat-de-lenquete-observance-et-si-nous-ecoutions-les-patients\/\">\u00e9tude r\u00e9alis\u00e9e sur les patients souffrant de pathologies chroniques<\/a><\/strong> <\/span>identifie trois profils de patients non observants aux traitements :<\/p>\n<ul>\n<li>les patients qui oublient de prendre leur traitement<\/li>\n<li>la non-prise intentionnelle<\/li>\n<li>la modification du traitement<\/li>\n<\/ul>\n<p>&nbsp;<\/p>\n<p>Une autre \u00e9tude sur des patients transplant\u00e9s h\u00e9patiques a r\u00e9v\u00e9l\u00e9 des profils assez analogues pour expliquer les raisons de la non-vaccination \u00e0 la grippe :<\/p>\n<ul>\n<li>Le non inform\u00e9<\/li>\n<li>L\u2019\u00e9tourdi<\/li>\n<li>Le n\u00e9gligeant<\/li>\n<li>L\u2019opposant<\/li>\n<\/ul>\n<p>&nbsp;<\/p>\n<p><strong>Comprendre les profils psychologiques est essentiel pour la pr\u00e9vention et le d\u00e9pistage<\/strong>. <span data-contrast=\"none\" xml:lang=\"FR-FR\" lang=\"FR-FR\" class=\"TextRun SCXW132075508 BCX0\"><span class=\"NormalTextRun SCXW132075508 BCX0\">Par exemple, d<span>ans les campagnes de sensibilisation aux dangers de la route, certaines initiatives visent un public large, sans distinction d&#8217;\u00e2ge ou de moyen de transport. D&#8217;autres se focalisent sur des groupes sp\u00e9cifiques, tels que les enfants en voiture, les jeunes conducteurs ou les seniors.<\/span><\/span><\/span><\/p>\n<p>Cette m\u00e9thode est semblable au triage en m\u00e9decine d\u2019urgence ou de guerre, visant \u00e0 optimiser l\u2019efficacit\u00e9 des soins. Dans les campagnes de d\u00e9pistage,<strong> il est ainsi judicieux de cibler d&#8217;abord les individus r\u00e9ceptifs<\/strong>. Ensuite, il est important de r\u00e9engager et informer les groupes moins inform\u00e9s ou attentifs. \u00a0Convaincre les r\u00e9ticents n\u00e9cessite plus de ressources financi\u00e8res et humaines.<\/p>\n<p>La question demeure cependant : est-ce les r\u00e9sultats obtenus justifient cet effort suppl\u00e9mentaire ?<\/p>\n<p>[\/et_pb_text][\/et_pb_column][\/et_pb_row][et_pb_row _builder_version=&#8221;4.17.4&#8243; _module_preset=&#8221;default&#8221; global_colors_info=&#8221;{}&#8221;][et_pb_column type=&#8221;4_4&#8243; _builder_version=&#8221;4.17.4&#8243; _module_preset=&#8221;default&#8221; global_colors_info=&#8221;{}&#8221;][et_pb_divider show_divider=&#8221;off&#8221; _builder_version=&#8221;4.17.4&#8243; _module_preset=&#8221;default&#8221; global_colors_info=&#8221;{}&#8221;][\/et_pb_divider][et_pb_divider show_divider=&#8221;off&#8221; _builder_version=&#8221;4.17.4&#8243; _module_preset=&#8221;default&#8221; global_colors_info=&#8221;{}&#8221;][\/et_pb_divider][et_pb_divider show_divider=&#8221;off&#8221; _builder_version=&#8221;4.17.4&#8243; _module_preset=&#8221;default&#8221; global_colors_info=&#8221;{}&#8221;][\/et_pb_divider][et_pb_text _builder_version=&#8221;4.17.4&#8243; _module_preset=&#8221;default&#8221; width=&#8221;100%&#8221; custom_margin=&#8221;|||1px||&#8221; global_colors_info=&#8221;{}&#8221;]<\/p>\n<h2><strong>memoQuest : simplifier la pr\u00e9vention pour maximiser l&#8217;engagement <\/strong><strong style=\"font-size: 14px; color: #717171;\">\u00a0<\/strong><\/h2>\n<p>[\/et_pb_text][et_pb_divider show_divider=&#8221;off&#8221; _builder_version=&#8221;4.17.4&#8243; _module_preset=&#8221;default&#8221; global_colors_info=&#8221;{}&#8221;][\/et_pb_divider][et_pb_text _builder_version=&#8221;4.17.4&#8243; _module_preset=&#8221;default&#8221; text_font_size=&#8221;16px&#8221; min_height=&#8221;83px&#8221; custom_padding=&#8221;||0px|||&#8221; global_colors_info=&#8221;{}&#8221;]<\/p>\n<p>memoQuest, plateforme de t\u00e9l\u00e9suivi, permet d\u2019\u00e9duquer et d\u2019engager les patients sur l&#8217;importance de ces programmes, m\u00eame les plus distraits, les personnes mal inform\u00e9es ou n\u00e9gligentes. Ainsi, memoQuest joue un r\u00f4le crucial dans la sensibilisation et l&#8217;engagement des patients.<\/p>\n<p>De la m\u00eame mani\u00e8re que les radars qui modifient le comportement des conducteurs en affichant leur vitesse, memoQuest initie <strong>un dialogue simple <\/strong>qui souligne l&#8217;importance de la pr\u00e9vention et motive la participation. En outre, des <strong>rappels et un suivi personnalis\u00e9<\/strong> sont mis en \u0153uvre pour stimuler l&#8217;implication des patients.<\/p>\n<p>Ainsi, memoQuest personnalise sa communication pour atteindre efficacement chaque patient, gr\u00e2ce \u00e0 une approche adapt\u00e9e \u00e0 son profil psychologique. En fonction de la r\u00e9ponse du patient, des informations sp\u00e9cifiques ou des liens vers des sites d\u00e9di\u00e9s peuvent \u00eatre envoy\u00e9s.<\/p>\n<p><strong>memoQuest vous permet d\u2019\u00e9viter de perdre du temps chez les patients opposants en vous concentrant sur les profils les plus accessibles. <\/strong><\/p>\n<p>[\/et_pb_text][\/et_pb_column][\/et_pb_row][et_pb_row _builder_version=&#8221;4.17.4&#8243; _module_preset=&#8221;default&#8221; global_colors_info=&#8221;{}&#8221;][et_pb_column type=&#8221;4_4&#8243; _builder_version=&#8221;4.17.4&#8243; _module_preset=&#8221;default&#8221; global_colors_info=&#8221;{}&#8221;][et_pb_sidebar _builder_version=&#8221;4.17.4&#8243; _module_preset=&#8221;default&#8221; global_colors_info=&#8221;{}&#8221;][\/et_pb_sidebar][\/et_pb_column][\/et_pb_row][et_pb_row _builder_version=&#8221;4.17.4&#8243; _module_preset=&#8221;default&#8221; global_colors_info=&#8221;{}&#8221;][et_pb_column type=&#8221;4_4&#8243; _builder_version=&#8221;4.17.4&#8243; _module_preset=&#8221;default&#8221; global_colors_info=&#8221;{}&#8221;][et_pb_divider show_divider=&#8221;off&#8221; _builder_version=&#8221;4.17.4&#8243; _module_preset=&#8221;default&#8221; global_colors_info=&#8221;{}&#8221;][\/et_pb_divider][et_pb_divider show_divider=&#8221;off&#8221; _builder_version=&#8221;4.17.4&#8243; _module_preset=&#8221;default&#8221; global_colors_info=&#8221;{}&#8221;][\/et_pb_divider][\/et_pb_column][\/et_pb_row][et_pb_row _builder_version=&#8221;4.16&#8243; _module_preset=&#8221;default&#8221; global_colors_info=&#8221;{}&#8221;][et_pb_column type=&#8221;4_4&#8243; _builder_version=&#8221;4.16&#8243; _module_preset=&#8221;default&#8221; global_colors_info=&#8221;{}&#8221;][et_pb_button button_url=&#8221;https:\/\/www.calmedica.com\/contact\/&#8221; button_text=&#8221;Demander une d\u00e9mo&#8221; button_alignment=&#8221;center&#8221; _builder_version=&#8221;4.16&#8243; _module_preset=&#8221;default&#8221; custom_button=&#8221;on&#8221; button_text_size=&#8221;22px&#8221; button_bg_color=&#8221;#fb4f14&#8243; button_text_shadow_style=&#8221;preset1&#8243; global_colors_info=&#8221;{}&#8221;][\/et_pb_button][et_pb_divider show_divider=&#8221;off&#8221; _builder_version=&#8221;4.17.4&#8243; _module_preset=&#8221;default&#8221; global_colors_info=&#8221;{}&#8221;][\/et_pb_divider][et_pb_divider show_divider=&#8221;off&#8221; _builder_version=&#8221;4.17.4&#8243; _module_preset=&#8221;default&#8221; global_colors_info=&#8221;{}&#8221;][\/et_pb_divider][\/et_pb_column][\/et_pb_row][\/et_pb_section]<\/p>\n","protected":false},"excerpt":{"rendered":"<p>Am\u00e9liorer la pr\u00e9vention Pr\u00e9venir, d\u00e9tecter, accompagner : les piliers de la pr\u00e9vention &nbsp; La pr\u00e9vention s\u2019articule aujourd\u2019hui autour de trois axes : Primaire : emp\u00eacher l&#8217;apparition de la maladie (par exemple, par la vaccination ou l&#8217;adoption d&#8217;un mode de vie sain). Secondaire : d\u00e9tecter de mani\u00e8re pr\u00e9coce et traiter rapidement les maladies pour en minimiser [&hellip;]<\/p>\n","protected":false},"author":5,"featured_media":0,"parent":0,"menu_order":0,"comment_status":"closed","ping_status":"closed","template":"","meta":{"_et_pb_use_builder":"on","_et_pb_old_content":"","_et_gb_content_width":"","footnotes":""},"class_list":["post-36497","page","type-page","status-publish","hentry"],"yoast_head":"<!-- This site is optimized with the Yoast SEO plugin v27.5 - https:\/\/yoast.com\/product\/yoast-seo-wordpress\/ -->\n<title>Am\u00e9liorer la pr\u00e9vention - Calmedica<\/title>\n<meta name=\"description\" content=\"Pour am\u00e9liorer la pr\u00e9vention, memoQuest memoQuest personnalise sa communication selon le profil psychologique de chaque patient.\" \/>\n<meta name=\"robots\" content=\"index, follow, max-snippet:-1, max-image-preview:large, max-video-preview:-1\" \/>\n<link rel=\"canonical\" href=\"https:\/\/www.calmedica.com\/?page_id=36497\" \/>\n<meta property=\"og:locale\" content=\"fr_FR\" \/>\n<meta property=\"og:type\" content=\"article\" \/>\n<meta property=\"og:title\" content=\"Am\u00e9liorer la pr\u00e9vention - Calmedica\" \/>\n<meta property=\"og:description\" content=\"Pour am\u00e9liorer la pr\u00e9vention, memoQuest memoQuest personnalise sa communication selon le profil psychologique de chaque patient.\" \/>\n<meta property=\"og:url\" content=\"https:\/\/www.calmedica.com\/?page_id=36497\" \/>\n<meta property=\"og:site_name\" content=\"Calmedica\" \/>\n<meta property=\"article:modified_time\" content=\"2025-04-15T15:25:13+00:00\" \/>\n<meta name=\"twitter:card\" content=\"summary_large_image\" \/>\n<meta name=\"twitter:label1\" content=\"Dur\u00e9e de lecture estim\u00e9e\" \/>\n\t<meta name=\"twitter:data1\" content=\"14 minutes\" \/>\n<script type=\"application\/ld+json\" class=\"yoast-schema-graph\">{\"@context\":\"https:\\\/\\\/schema.org\",\"@graph\":[{\"@type\":\"WebPage\",\"@id\":\"https:\\\/\\\/www.calmedica.com\\\/?page_id=36497\",\"url\":\"https:\\\/\\\/www.calmedica.com\\\/?page_id=36497\",\"name\":\"Am\u00e9liorer la pr\u00e9vention - Calmedica\",\"isPartOf\":{\"@id\":\"https:\\\/\\\/www.calmedica.com\\\/#website\"},\"datePublished\":\"2023-12-12T14:05:20+00:00\",\"dateModified\":\"2025-04-15T15:25:13+00:00\",\"description\":\"Pour am\u00e9liorer la pr\u00e9vention, memoQuest memoQuest personnalise sa communication selon le profil psychologique de chaque patient.\",\"breadcrumb\":{\"@id\":\"https:\\\/\\\/www.calmedica.com\\\/?page_id=36497#breadcrumb\"},\"inLanguage\":\"fr-FR\",\"potentialAction\":[{\"@type\":\"ReadAction\",\"target\":[\"https:\\\/\\\/www.calmedica.com\\\/?page_id=36497\"]}]},{\"@type\":\"BreadcrumbList\",\"@id\":\"https:\\\/\\\/www.calmedica.com\\\/?page_id=36497#breadcrumb\",\"itemListElement\":[{\"@type\":\"ListItem\",\"position\":1,\"name\":\"Accueil\",\"item\":\"https:\\\/\\\/www.calmedica.com\\\/\"},{\"@type\":\"ListItem\",\"position\":2,\"name\":\"Am\u00e9liorer la pr\u00e9vention\"}]},{\"@type\":\"WebSite\",\"@id\":\"https:\\\/\\\/www.calmedica.com\\\/#website\",\"url\":\"https:\\\/\\\/www.calmedica.com\\\/\",\"name\":\"Calmedica\",\"description\":\"Mettre la e-sant\u00e9 \u00e0 la port\u00e9e de tous\",\"potentialAction\":[{\"@type\":\"SearchAction\",\"target\":{\"@type\":\"EntryPoint\",\"urlTemplate\":\"https:\\\/\\\/www.calmedica.com\\\/?s={search_term_string}\"},\"query-input\":{\"@type\":\"PropertyValueSpecification\",\"valueRequired\":true,\"valueName\":\"search_term_string\"}}],\"inLanguage\":\"fr-FR\"}]}<\/script>\n<!-- \/ Yoast SEO plugin. -->","yoast_head_json":{"title":"Am\u00e9liorer la pr\u00e9vention - Calmedica","description":"Pour am\u00e9liorer la pr\u00e9vention, memoQuest memoQuest personnalise sa communication selon le profil psychologique de chaque patient.","robots":{"index":"index","follow":"follow","max-snippet":"max-snippet:-1","max-image-preview":"max-image-preview:large","max-video-preview":"max-video-preview:-1"},"canonical":"https:\/\/www.calmedica.com\/?page_id=36497","og_locale":"fr_FR","og_type":"article","og_title":"Am\u00e9liorer la pr\u00e9vention - Calmedica","og_description":"Pour am\u00e9liorer la pr\u00e9vention, memoQuest memoQuest personnalise sa communication selon le profil psychologique de chaque patient.","og_url":"https:\/\/www.calmedica.com\/?page_id=36497","og_site_name":"Calmedica","article_modified_time":"2025-04-15T15:25:13+00:00","twitter_card":"summary_large_image","twitter_misc":{"Dur\u00e9e de lecture estim\u00e9e":"14 minutes"},"schema":{"@context":"https:\/\/schema.org","@graph":[{"@type":"WebPage","@id":"https:\/\/www.calmedica.com\/?page_id=36497","url":"https:\/\/www.calmedica.com\/?page_id=36497","name":"Am\u00e9liorer la pr\u00e9vention - Calmedica","isPartOf":{"@id":"https:\/\/www.calmedica.com\/#website"},"datePublished":"2023-12-12T14:05:20+00:00","dateModified":"2025-04-15T15:25:13+00:00","description":"Pour am\u00e9liorer la pr\u00e9vention, memoQuest memoQuest personnalise sa communication selon le profil psychologique de chaque patient.","breadcrumb":{"@id":"https:\/\/www.calmedica.com\/?page_id=36497#breadcrumb"},"inLanguage":"fr-FR","potentialAction":[{"@type":"ReadAction","target":["https:\/\/www.calmedica.com\/?page_id=36497"]}]},{"@type":"BreadcrumbList","@id":"https:\/\/www.calmedica.com\/?page_id=36497#breadcrumb","itemListElement":[{"@type":"ListItem","position":1,"name":"Accueil","item":"https:\/\/www.calmedica.com\/"},{"@type":"ListItem","position":2,"name":"Am\u00e9liorer la pr\u00e9vention"}]},{"@type":"WebSite","@id":"https:\/\/www.calmedica.com\/#website","url":"https:\/\/www.calmedica.com\/","name":"Calmedica","description":"Mettre la e-sant\u00e9 \u00e0 la port\u00e9e de tous","potentialAction":[{"@type":"SearchAction","target":{"@type":"EntryPoint","urlTemplate":"https:\/\/www.calmedica.com\/?s={search_term_string}"},"query-input":{"@type":"PropertyValueSpecification","valueRequired":true,"valueName":"search_term_string"}}],"inLanguage":"fr-FR"}]}},"_links":{"self":[{"href":"https:\/\/www.calmedica.com\/index.php?rest_route=\/wp\/v2\/pages\/36497","targetHints":{"allow":["GET"]}}],"collection":[{"href":"https:\/\/www.calmedica.com\/index.php?rest_route=\/wp\/v2\/pages"}],"about":[{"href":"https:\/\/www.calmedica.com\/index.php?rest_route=\/wp\/v2\/types\/page"}],"author":[{"embeddable":true,"href":"https:\/\/www.calmedica.com\/index.php?rest_route=\/wp\/v2\/users\/5"}],"replies":[{"embeddable":true,"href":"https:\/\/www.calmedica.com\/index.php?rest_route=%2Fwp%2Fv2%2Fcomments&post=36497"}],"version-history":[{"count":36,"href":"https:\/\/www.calmedica.com\/index.php?rest_route=\/wp\/v2\/pages\/36497\/revisions"}],"predecessor-version":[{"id":36867,"href":"https:\/\/www.calmedica.com\/index.php?rest_route=\/wp\/v2\/pages\/36497\/revisions\/36867"}],"wp:attachment":[{"href":"https:\/\/www.calmedica.com\/index.php?rest_route=%2Fwp%2Fv2%2Fmedia&parent=36497"}],"curies":[{"name":"wp","href":"https:\/\/api.w.org\/{rel}","templated":true}]}}